{"id":14923,"date":"2022-02-09T01:17:36","date_gmt":"2022-02-09T01:17:36","guid":{"rendered":"https:\/\/bilojednomusrbiji.rs\/?page_id=14923"},"modified":"2022-03-17T09:05:20","modified_gmt":"2022-03-17T09:05:20","slug":"home-1","status":"publish","type":"page","link":"https:\/\/bilojednomusrbiji.rs\/","title":{"rendered":"Home 1"},"content":{"rendered":"<p>[vc_row row_type=&#8221;parallax&#8221; header_style=&#8221;dark&#8221; parallax_content_width=&#8221;full_width&#8221; text_align=&#8221;left&#8221; full_screen_section_height=&#8221;no&#8221; css=&#8221;.vc_custom_1646137723751{background-color: #dd3333 !important;}&#8221;][vc_column][vc_row_inner row_type=&#8221;row&#8221; type=&#8221;grid&#8221; text_align=&#8221;left&#8221; css_animation=&#8221;&#8221;][vc_column_inner][vc_column_text css=&#8221;.vc_custom_1646137465339{padding-top: 25px !important;padding-right: 25px !important;padding-bottom: 25px !important;padding-left: 25px !important;background-color: #ffffff !important;}&#8221;]<\/p>\n<h3 style=\"text-align: center;\"><b>Od 10. marta u bioskopima \u0161irom Srbije.<\/b><\/h3>\n<p>[\/vc_column_text][\/vc_column_inner][\/vc_row_inner][\/vc_column][\/vc_row][vc_row row_type=&#8221;parallax&#8221; header_style=&#8221;dark&#8221; parallax_content_width=&#8221;in_grid&#8221; text_align=&#8221;left&#8221; full_screen_section_height=&#8221;no&#8221; background_image=&#8221;14972&#8243; css=&#8221;.vc_custom_1644446332007{background-position: center !important;background-repeat: no-repeat !important;background-size: cover !important;}&#8221;][vc_column][vc_row_inner row_type=&#8221;row&#8221; use_as_box=&#8221;use_row_as_box&#8221; type=&#8221;full_width&#8221; text_align=&#8221;left&#8221; css_animation=&#8221;&#8221;][vc_column_inner][vc_video link=&#8221;https:\/\/youtu.be\/yymZdUhCFqo&#8221; align=&#8221;center&#8221; css_animation=&#8221;zoomIn&#8221; css=&#8221;.vc_custom_1647507917436{padding-top: 50px !important;padding-bottom: 50px !important;}&#8221;][\/vc_column_inner][\/vc_row_inner][\/vc_column][\/vc_row][vc_row row_type=&#8221;parallax&#8221; header_style=&#8221;dark&#8221; parallax_content_width=&#8221;full_width&#8221; text_align=&#8221;left&#8221; full_screen_section_height=&#8221;no&#8221; background_image=&#8221;14974&#8243;][vc_column][vc_row_inner row_type=&#8221;row&#8221; type=&#8221;grid&#8221; text_align=&#8221;left&#8221; css_animation=&#8221;&#8221; css=&#8221;.vc_custom_1644372106550{padding-top: 50px !important;padding-bottom: 50px !important;}&#8221;][vc_column_inner width=&#8221;1\/2&#8243;][vc_column_text css=&#8221;.vc_custom_1644371107773{padding-top: 25px !important;padding-right: 25px !important;padding-bottom: 25px !important;padding-left: 25px !important;background-color: #ffffff !important;}&#8221;]<\/p>\n<h3><span style=\"font-weight: 400;\">BILO JEDNOM\u2026<\/span><\/h3>\n<p><span style=\"font-weight: 400;\">Ko smo, od \u010dega smo, gde smo i od koga nastali? Kako je duh procvetao i \u010dudo se dogodilo ba\u0161 u mestu gde je beda stalno nastanjena, a blagostanje tek povremeno na kratko svrati?<\/span><\/p>\n<p><span style=\"font-weight: 400;\">Sa tragovima \u201eleskova\u010dkog \u010duda\u201d, iako to ne znamo, svakodnevno se sre\u0107emo. Kroz \u201eleskova\u010dki ro\u0161tilj\u201d, karikiraju\u0107i dijalekt, melodi\u010dni govor koji je pravo bogatstvo, \u201epaprikarenje\u201d, pri\u010de o leskova\u010dkim \u0161tofovima, sapunima, lekovima, \u0161amponima i, na kraju o specifi\u010dnom duhu koji je i danas pogonsko gorivo za vanvremensku fabriku smeha. Nekim \u010dudom uprkos brojnim preprekama, ta jedinstvena fabrika nikada nije prestala da radi.<\/span><\/p>\n<p><span style=\"font-weight: 400;\">Ovo je prilika i da sa\u010duvamo od zaborava \u201evelike Leskov\u010dane\u201d iz brojnih familija koje su postavile temelje leskova\u010dkog \u010duda. Svi oni, realni junaci, poslu\u017eili su kao inspiracija za kreiranje junaka na\u0161eg filma.\u00a0<\/span><\/p>\n<p><span style=\"font-weight: 400;\">Bilo jednom, neka bude opet.<\/span>[\/vc_column_text][\/vc_column_inner][vc_column_inner width=&#8221;1\/2&#8243;][vc_single_image image=&#8221;14886&#8243; img_size=&#8221;full&#8221; alignment=&#8221;right&#8221; qode_css_animation=&#8221;element_from_right&#8221; transition_delay=&#8221;0.3&#8243;][\/vc_column_inner][\/vc_row_inner][\/vc_column][\/vc_row][vc_row row_type=&#8221;parallax&#8221; header_style=&#8221;dark&#8221; parallax_content_width=&#8221;full_width&#8221; text_align=&#8221;left&#8221; full_screen_section_height=&#8221;no&#8221; background_image=&#8221;14979&#8243; css=&#8221;.vc_custom_1644446701054{background-position: center !important;background-repeat: no-repeat !important;background-size: cover !important;}&#8221;][vc_column][vc_column_text][\/vc_column_text][vc_row_inner row_type=&#8221;row&#8221; type=&#8221;grid&#8221; text_align=&#8221;left&#8221; css_animation=&#8221;&#8221; css=&#8221;.vc_custom_1644372106550{padding-top: 50px !important;padding-bottom: 50px !important;}&#8221;][vc_column_inner width=&#8221;1\/2&#8243;][vc_single_image image=&#8221;14890&#8243; img_size=&#8221;full&#8221; qode_css_animation=&#8221;element_from_left&#8221; transition_delay=&#8221;0.3&#8243;][\/vc_column_inner][vc_column_inner width=&#8221;1\/2&#8243;][vc_column_text css=&#8221;.vc_custom_1644372243365{padding-top: 25px !important;padding-right: 25px !important;padding-bottom: 25px !important;padding-left: 25px !important;background-color: #ffffff !important;}&#8221;]<\/p>\n<h3><span style=\"font-weight: 400;\">ISTINITA ISTORIJSKA BAJKA<\/span><\/h3>\n<p><span style=\"font-weight: 400;\">Bajke obi\u010dno govore o nekom svetu koji ne postoji.\u00a0<\/span><\/p>\n<p><span style=\"font-weight: 400;\">A pri\u010de iz istorije, makar one pri\u010de sa ovih prostora, \u010desto nisu bajke.<\/span><\/p>\n<p><span style=\"font-weight: 400;\">Film \u201eBilo jednom u Srbiji\u201c spaja bajku sa istorijom. A taj se spoj zaista dogodio: Bilo jednom, ali zaista, u Leskovcu, na po\u010detku XX veka&#8230;<\/span><\/p>\n<p><span style=\"font-weight: 400;\">Industrijalci tog doba, a ovog grada, postigli su ono u \u0161ta mo\u017eda ni sami nisu verovali. Jedan vek kasnije pojavljuje se, evo, film koji njihovo delo prepri\u010dava. To film \u010dini pokazuju\u0107i lepotu kostima, scenografije, pejza\u017ea, obi\u010daja i kulture tog vremena. To \u010dini i pokazuju\u0107i ljubav, jer bez dobre ljubavne pri\u010de nema ni dobrog filma.<\/span><\/p>\n<p><span style=\"font-weight: 400;\">A ovaj film ih ima \u010dak dve.<\/span><\/p>\n<p><span style=\"font-weight: 400;\">I sre\u0107an kraj, posle leskova\u010dke drame u tri \u010dina.<\/span>[\/vc_column_text][\/vc_column_inner][\/vc_row_inner][\/vc_column][\/vc_row][vc_row row_type=&#8221;parallax&#8221; header_style=&#8221;dark&#8221; parallax_content_width=&#8221;full_width&#8221; text_align=&#8221;left&#8221; full_screen_section_height=&#8221;no&#8221; background_image=&#8221;14975&#8243;][vc_column][vc_row_inner row_type=&#8221;row&#8221; type=&#8221;grid&#8221; text_align=&#8221;left&#8221; css_animation=&#8221;&#8221; css=&#8221;.vc_custom_1644372106550{padding-top: 50px !important;padding-bottom: 50px !important;}&#8221;][vc_column_inner width=&#8221;1\/2&#8243;][vc_column_text css=&#8221;.vc_custom_1645625432454{padding-top: 25px !important;padding-right: 25px !important;padding-bottom: 25px !important;padding-left: 25px !important;background-color: #ffffff !important;}&#8221;]<\/p>\n<h3><span style=\"font-weight: 400;\">PRI\u010cA O CONETU I DINETU<\/span><\/h3>\n<p><span style=\"font-weight: 400;\">Tokom i posle Prvog svetskog rata, dva mladi\u0107a i dve devojke iz Leskovca \u2013 Cone i Dine \u2013 i Zorka i Ru\u017eica \u2013 imali su razli\u010dite sudbine. Dineta su saveznici odveli do Pariza, gde je nau\u010dio sve o lepotama \u017eivota i svetlima metropole. Cone je, posle ranjavanja i amnezije, zavr\u0161io u Man\u010desteru, tada\u0161njoj prestonici industrijskog razvoja, gde je nau\u010dio kako se samo kroz crni fabri\u010dki dim i te\u017eak rad sti\u017ee do uspeha\u00a0<\/span><\/p>\n<p><span style=\"font-weight: 400;\">Opijeni pobedom u ratu i nepovratno inficirani \u201eduhom slobode i napretka\u201d koji su osetili u \u201evelikom svetu\u201d, dva mladi\u0107a vra\u0107aju se u svoj oronuli Leskovac. Dine u svoj mali, sada ve\u0107 nepostoje\u0107i bioskop, a Cone svojoj verenici Zorki, koja posle pet godina \u010dekanja, nevoljno daje pristanak da je otac uda za ratnog liferanta. Cone \u0107e poku\u0161ati svoju staru ljubav da vrati, a Dine da svoju novu ljubav prona\u0111e.<\/span><\/p>\n<p><span style=\"font-weight: 400;\">I tako po\u010dinje borba \u201estarog\u201d i \u201enovog\u201d, u svakom smislu.\u00a0<\/span><\/p>\n<p><span style=\"font-weight: 400;\">Za velika dela potrebno je sasvim malo prave ljubavi.<\/span>[\/vc_column_text][\/vc_column_inner][vc_column_inner width=&#8221;1\/2&#8243;][vc_single_image image=&#8221;14894&#8243; img_size=&#8221;full&#8221; alignment=&#8221;right&#8221; qode_css_animation=&#8221;element_from_right&#8221; transition_delay=&#8221;0.3&#8243;][\/vc_column_inner][\/vc_row_inner][\/vc_column][\/vc_row][vc_row css_animation=&#8221;&#8221; row_type=&#8221;row&#8221; use_row_as_full_screen_section=&#8221;no&#8221; type=&#8221;grid&#8221; header_style=&#8221;dark&#8221; angled_section=&#8221;no&#8221; text_align=&#8221;left&#8221; background_image_as_pattern=&#8221;without_pattern&#8221; z_index=&#8221;&#8221; background_color=&#8221;#ffffff&#8221;][vc_column width=&#8221;2\/3&#8243; css=&#8221;.vc_custom_1643853266661{padding-top: 50px !important;}&#8221;][vc_single_image image=&#8221;14895&#8243; img_size=&#8221;full&#8221; qode_css_animation=&#8221;element_from_left&#8221; transition_delay=&#8221;0.3&#8243;][\/vc_column][vc_column width=&#8221;1\/6&#8243; css=&#8221;.vc_custom_1644373618788{padding-top: 50px !important;}&#8221;][vc_column_text]<\/p>\n<h3 style=\"text-align: center;\"><span style=\"font-weight: 400;\">KREACIJA I PRODUKCIJA<\/span><\/h3>\n<p style=\"text-align: center;\"><span style=\"font-weight: 400;\">Autor i producent<br \/>\n<\/span><strong>ZVONIMIR \u0160IMUNEC<\/strong><\/p>\n<p style=\"text-align: center;\"><span style=\"font-weight: 400;\">Izvr\u0161ni producent<br \/>\n<\/span><strong>MIROSLAV MOGOROVI\u0106<\/strong><\/p>\n<p style=\"text-align: center;\"><span style=\"font-weight: 400;\">Reditelj<br \/>\n<\/span><strong>PETAR RISTOVSKI<\/strong><\/p>\n<p style=\"text-align: center;\"><span style=\"font-weight: 400;\">Scenario<br \/>\n<\/span><strong>ZVONIMIR \u0160IMUNEC,<br \/>\nVLADIMIR ANDRI\u0106,<br \/>\nMAJDA \u0160IMUNEC<\/strong><\/p>\n<p style=\"text-align: center;\"><span style=\"font-weight: 400;\">Direktor fotografije<br \/>\n<\/span><strong>DALIBOR TONKOVI\u0106<\/strong><\/p>\n<p style=\"text-align: center;\"><span style=\"font-weight: 400;\">Scenografkinja<br \/>\n<\/span><strong>ANA MILO\u0160EVI\u0106<\/strong><\/p>\n<p style=\"text-align: center;\"><span style=\"font-weight: 400;\">Kostimografkinja<br \/>\n<\/span><strong>DRAGICA LAU\u0160EVI\u0106<\/strong><\/p>\n<p style=\"text-align: center;\"><span style=\"font-weight: 400;\">Producent<br \/>\n<\/span><strong>LE FILM<\/strong><\/p>\n<p style=\"text-align: center;\"><span style=\"font-weight: 400;\">Koproducenti<br \/>\n<\/span><strong>MEDIA HOUSE<br \/>\nDME VIDEO<br \/>\nSOUL FOOD FILMS<\/strong><\/p>\n<p>[\/vc_column_text][\/vc_column][vc_column width=&#8221;1\/6&#8243; css=&#8221;.vc_custom_1644373634143{padding-top: 50px !important;}&#8221;][vc_column_text]<\/p>\n<h3 style=\"text-align: center;\"><span style=\"font-weight: 400;\">GLUMCI<\/span><\/h3>\n<p style=\"text-align: center;\"><span style=\"font-weight: 400;\">Cone<br \/>\n<\/span><strong>VIKTOR SAVI\u0106<\/strong><\/p>\n<p style=\"text-align: center;\"><span style=\"font-weight: 400;\">Dine<br \/>\n<\/span><strong>NEMANJA OLIVERI\u0106<\/strong><\/p>\n<p style=\"text-align: center;\"><span style=\"font-weight: 400;\">Zorka<br \/>\n<\/span><strong>TEODORA RISTOVSKI<\/strong><\/p>\n<p style=\"text-align: center;\"><span style=\"font-weight: 400;\">Ru\u017eica<br \/>\n<\/span><strong>SLOBODA MI\u0106ALOVI\u0106<\/strong><\/p>\n<p style=\"text-align: center;\"><span style=\"font-weight: 400;\">A\u0107im<br \/>\n<\/span><strong>RADOVAN VUJOVI\u0106<\/strong><\/p>\n<p style=\"text-align: center;\"><span style=\"font-weight: 400;\">Trajko<br \/>\n<\/span><strong>ZORAN CVIJANOVI\u0106<\/strong><\/p>\n<p style=\"text-align: center;\"><span style=\"font-weight: 400;\">Gazda Mita<br \/>\n<\/span><strong>PREDRAG MIKI MANOJLOVI\u0106<\/strong><\/p>\n<p style=\"text-align: center;\"><span style=\"font-weight: 400;\">Gradona\u010delnik<br \/>\n<\/span><strong>IVAN BEKJAREV<br \/>\n<\/strong><span style=\"font-weight: 400;\">(1946-2020)<\/span><\/p>\n<p>[\/vc_column_text][\/vc_column][\/vc_row][vc_row row_type=&#8221;parallax&#8221; header_style=&#8221;dark&#8221; parallax_content_width=&#8221;full_width&#8221; text_align=&#8221;left&#8221; full_screen_section_height=&#8221;no&#8221; background_image=&#8221;14977&#8243;][vc_column][vc_row_inner row_type=&#8221;row&#8221; type=&#8221;grid&#8221; text_align=&#8221;left&#8221; css_animation=&#8221;&#8221; css=&#8221;.vc_custom_1644372106550{padding-top: 50px !important;padding-bottom: 50px !important;}&#8221;][vc_column_inner width=&#8221;1\/2&#8243;][vc_column_text css=&#8221;.vc_custom_1645625486023{padding-top: 25px !important;padding-right: 25px !important;padding-bottom: 25px !important;padding-left: 25px !important;background-color: #ffffff !important;}&#8221;]<\/p>\n<h3><span style=\"font-weight: 400;\">BILO JEDNOM TRAJE ODAVNO<\/span><\/h3>\n<p><span style=\"font-weight: 400;\">Film \u201eBilo jednom u Srbiji\u201c, deo je multimedijalnog projekta obnavljanja se\u0107anja na davni period eksplozivnog razvoja Leskovca.<\/span><\/p>\n<p><span style=\"font-weight: 400;\">U okviru ovog jedinstvenog projekta, zapo\u010detog 2012. godine, izdata je monografija o zlatnom dobu ovog grada, odr\u017eavane su izlo\u017ebe i predavanja, a sem igranog filma kreiran je i dokumentarni.<\/span><\/p>\n<p><span style=\"font-weight: 400;\">Pored svega ovoga, kroz mnogobrojne nastupe u medijima doma\u0107a javnost je dodatno podse\u0107ana na istoriju jedinog svetskog \u201eMalog Man\u010destera\u201c, na prelazu izme\u0111u dva moderna veka.<\/span><\/p>\n<p><span style=\"font-weight: 400;\">Neka \u201eBilo jednom\u201c traje i dalje!<\/span>[\/vc_column_text][\/vc_column_inner][vc_column_inner width=&#8221;1\/2&#8243;][vc_single_image image=&#8221;14897&#8243; img_size=&#8221;full&#8221; alignment=&#8221;right&#8221; qode_css_animation=&#8221;element_from_right&#8221; transition_delay=&#8221;0.3&#8243;][\/vc_column_inner][\/vc_row_inner][\/vc_column][\/vc_row][vc_row row_type=&#8221;parallax&#8221; header_style=&#8221;dark&#8221; parallax_content_width=&#8221;full_width&#8221; text_align=&#8221;left&#8221; full_screen_section_height=&#8221;no&#8221; background_image=&#8221;14974&#8243;][vc_column][vc_column_text][\/vc_column_text][vc_row_inner row_type=&#8221;row&#8221; type=&#8221;grid&#8221; text_align=&#8221;left&#8221; css_animation=&#8221;&#8221; css=&#8221;.vc_custom_1644372106550{padding-top: 50px !important;padding-bottom: 50px !important;}&#8221;][vc_column_inner width=&#8221;1\/2&#8243;][vc_single_image image=&#8221;14898&#8243; img_size=&#8221;full&#8221; qode_css_animation=&#8221;element_from_left&#8221; transition_delay=&#8221;0.3&#8243;][\/vc_column_inner][vc_column_inner width=&#8221;1\/2&#8243;][vc_column_text css=&#8221;.vc_custom_1644373765943{padding-top: 25px !important;padding-right: 25px !important;padding-bottom: 25px !important;padding-left: 25px !important;background-color: #ffffff !important;}&#8221;]<\/p>\n<h3><span style=\"font-weight: 400;\">ZA\u0160TO JE VA\u017dNO \u0160TA JE BILO JEDNOM?<\/span><\/h3>\n<p><span style=\"font-weight: 400;\">Filmovi epohe, a posebno oni koji su snimljeni na lokalnom dijalektu (Zona Zamfirova, Ivkova slava), bili su najgledaniji srpski filmovi poslednjih decenija. Uz to, motiv da snimimo ovakav film je ujedno i poku\u0161aj da sa\u010duvamo od zaborava pravu riznicu ba\u0161tine lokalnog!<\/span><\/p>\n<p><span style=\"font-weight: 400;\">Iskazuju\u0107i po\u0161tovanje prema duhovnom blagu Leskovca \u2013 brenda me\u0111u srpskim gradovima i dragulja Ju\u017ene Srbije \u2013 po\u0161tujemo sve \u0161to nas je odre\u0111ivalo i unapre\u0111ivalo. Pam\u0107enje pro\u0161losti Leskovca mo\u017ee nam pokazati put ka nekim novim uspesima. Zato je pri\u010da o Conetu i Dinetu mnogo vi\u0161e od istorije jednog malog grada.<\/span><\/p>\n<p><span style=\"font-weight: 400;\">Pamtimo, da bismo ponovili.<\/span>[\/vc_column_text][\/vc_column_inner][\/vc_row_inner][\/vc_column][\/vc_row][vc_row row_type=&#8221;parallax&#8221; header_style=&#8221;dark&#8221; parallax_content_width=&#8221;full_width&#8221; text_align=&#8221;left&#8221; full_screen_section_height=&#8221;no&#8221; background_image=&#8221;15001&#8243;][vc_column][vc_row_inner row_type=&#8221;row&#8221; type=&#8221;grid&#8221; text_align=&#8221;left&#8221; css_animation=&#8221;&#8221;][vc_column_inner][vc_single_image image=&#8221;14998&#8243; img_size=&#8221;full&#8221; alignment=&#8221;center&#8221; qode_css_animation=&#8221;element_from_right&#8221; transition_delay=&#8221;0.3&#8243;][\/vc_column_inner][\/vc_row_inner][\/vc_column][\/vc_row]<\/p>\n","protected":false},"excerpt":{"rendered":"<p>[vc_row row_type=&#8221;parallax&#8221; header_style=&#8221;dark&#8221; parallax_content_width=&#8221;full_width&#8221; text_align=&#8221;left&#8221; full_screen_section_height=&#8221;no&#8221; css=&#8221;.vc_custom_1646137723751{background-color: #dd3333 !important;}&#8221;][vc_column][vc_row_inner row_type=&#8221;row&#8221; type=&#8221;grid&#8221; text_align=&#8221;left&#8221; css_animation=&#8221;&#8221;][vc_column_inner][vc_column_text css=&#8221;.vc_custom_1646137465339{padding-top: 25px !important;padding-right: 25px !important;padding-bottom: 25px !important;padding-left: 25px !important;background-color: #ffffff !important;}&#8221;] Od 10. marta u bioskopima \u0161irom Srbije. [\/vc_column_text][\/vc_column_inner][\/vc_row_inner][\/vc_column][\/vc_row][vc_row row_type=&#8221;parallax&#8221; header_style=&#8221;dark&#8221; parallax_content_width=&#8221;in_grid&#8221; text_align=&#8221;left&#8221; full_screen_section_height=&#8221;no&#8221; background_image=&#8221;14972&#8243; css=&#8221;.vc_custom_1644446332007{background-position: center !important;background-repeat: no-repeat !important;background-size: cover !important;}&#8221;][vc_column][vc_row_inner&#8230;<\/p>\n","protected":false},"author":1,"featured_media":0,"parent":0,"menu_order":0,"comment_status":"open","ping_status":"open","template":"full_width.php","meta":{"footnotes":""},"class_list":["post-14923","page","type-page","status-publish","hentry"],"yoast_head":"<!-- This site is optimized with the Yoast SEO plugin v18.1 - https:\/\/yoast.com\/wordpress\/plugins\/seo\/ -->\n<title>- Bilo jednom u Srbiji | Le Film<\/title>\n<meta name=\"description\" content=\"Bilo jednom u Srbiji je srpski igrani film iz 2022. godine, u re\u017eiji Petra Ristovskog, a po ideji Zvonimira \u0160imuneca, \u010dija \u0107e premijera biti 9. marta 2022. godine. Paralelno sa filmom snimljena je i istoimena tv serija od 8 epizoda koja bi trebalo da bude emitovana tokom 2022 godine na RTS-u.\" \/>\n<meta name=\"robots\" content=\"index, follow, max-snippet:-1, max-image-preview:large, max-video-preview:-1\" \/>\n<link rel=\"canonical\" href=\"https:\/\/bilojednomusrbiji.rs\/\" \/>\n<meta property=\"og:locale\" content=\"en_US\" \/>\n<meta property=\"og:type\" content=\"article\" \/>\n<meta property=\"og:title\" content=\"- Bilo jednom u Srbiji | Le Film\" \/>\n<meta property=\"og:description\" content=\"Bilo jednom u Srbiji je srpski igrani film iz 2022. godine, u re\u017eiji Petra Ristovskog, a po ideji Zvonimira \u0160imuneca, \u010dija \u0107e premijera biti 9. marta 2022. godine. Paralelno sa filmom snimljena je i istoimena tv serija od 8 epizoda koja bi trebalo da bude emitovana tokom 2022 godine na RTS-u.\" \/>\n<meta property=\"og:url\" content=\"https:\/\/bilojednomusrbiji.rs\/\" \/>\n<meta property=\"og:site_name\" content=\"Bilo jednom u Srbiji | Le Film\" \/>\n<meta property=\"article:modified_time\" content=\"2022-03-17T09:05:20+00:00\" \/>\n<meta property=\"og:image\" content=\"https:\/\/bilojednomusrbiji.rs\/wp-content\/uploads\/2022\/02\/bilojednomusrbiji.jpg\" \/>\n\t<meta property=\"og:image:width\" content=\"1200\" \/>\n\t<meta property=\"og:image:height\" content=\"800\" \/>\n\t<meta property=\"og:image:type\" content=\"image\/jpeg\" \/>\n<meta name=\"twitter:card\" content=\"summary_large_image\" \/>\n<meta name=\"twitter:label1\" content=\"Est. reading time\" \/>\n\t<meta name=\"twitter:data1\" content=\"5 minutes\" \/>\n<script type=\"application\/ld+json\" class=\"yoast-schema-graph\">{\"@context\":\"https:\/\/schema.org\",\"@graph\":[{\"@type\":\"WebSite\",\"@id\":\"https:\/\/bilojednomusrbiji.rs\/#website\",\"url\":\"https:\/\/bilojednomusrbiji.rs\/\",\"name\":\"Bilo jednom u Srbiji | Le Film\",\"description\":\"\",\"potentialAction\":[{\"@type\":\"SearchAction\",\"target\":{\"@type\":\"EntryPoint\",\"urlTemplate\":\"https:\/\/bilojednomusrbiji.rs\/?s={search_term_string}\"},\"query-input\":\"required name=search_term_string\"}],\"inLanguage\":\"en-US\"},{\"@type\":\"WebPage\",\"@id\":\"https:\/\/bilojednomusrbiji.rs\/#webpage\",\"url\":\"https:\/\/bilojednomusrbiji.rs\/\",\"name\":\"- Bilo jednom u Srbiji | Le Film\",\"isPartOf\":{\"@id\":\"https:\/\/bilojednomusrbiji.rs\/#website\"},\"datePublished\":\"2022-02-09T01:17:36+00:00\",\"dateModified\":\"2022-03-17T09:05:20+00:00\",\"description\":\"Bilo jednom u Srbiji je srpski igrani film iz 2022. godine, u re\u017eiji Petra Ristovskog, a po ideji Zvonimira \u0160imuneca, \u010dija \u0107e premijera biti 9. marta 2022. godine. Paralelno sa filmom snimljena je i istoimena tv serija od 8 epizoda koja bi trebalo da bude emitovana tokom 2022 godine na RTS-u.\",\"breadcrumb\":{\"@id\":\"https:\/\/bilojednomusrbiji.rs\/#breadcrumb\"},\"inLanguage\":\"en-US\",\"potentialAction\":[{\"@type\":\"ReadAction\",\"target\":[\"https:\/\/bilojednomusrbiji.rs\/\"]}]},{\"@type\":\"BreadcrumbList\",\"@id\":\"https:\/\/bilojednomusrbiji.rs\/#breadcrumb\",\"itemListElement\":[{\"@type\":\"ListItem\",\"position\":1,\"name\":\"Home\",\"item\":\"https:\/\/bilojednomusrbiji.rs\/\"},{\"@type\":\"ListItem\",\"position\":2,\"name\":\"Home 1\"}]}]}<\/script>\n<!-- \/ Yoast SEO plugin. -->","yoast_head_json":{"title":"- Bilo jednom u Srbiji | Le Film","description":"Bilo jednom u Srbiji je srpski igrani film iz 2022. godine, u re\u017eiji Petra Ristovskog, a po ideji Zvonimira \u0160imuneca, \u010dija \u0107e premijera biti 9. marta 2022. godine. Paralelno sa filmom snimljena je i istoimena tv serija od 8 epizoda koja bi trebalo da bude emitovana tokom 2022 godine na RTS-u.","robots":{"index":"index","follow":"follow","max-snippet":"max-snippet:-1","max-image-preview":"max-image-preview:large","max-video-preview":"max-video-preview:-1"},"canonical":"https:\/\/bilojednomusrbiji.rs\/","og_locale":"en_US","og_type":"article","og_title":"- Bilo jednom u Srbiji | Le Film","og_description":"Bilo jednom u Srbiji je srpski igrani film iz 2022. godine, u re\u017eiji Petra Ristovskog, a po ideji Zvonimira \u0160imuneca, \u010dija \u0107e premijera biti 9. marta 2022. godine. Paralelno sa filmom snimljena je i istoimena tv serija od 8 epizoda koja bi trebalo da bude emitovana tokom 2022 godine na RTS-u.","og_url":"https:\/\/bilojednomusrbiji.rs\/","og_site_name":"Bilo jednom u Srbiji | Le Film","article_modified_time":"2022-03-17T09:05:20+00:00","og_image":[{"width":1200,"height":800,"url":"https:\/\/bilojednomusrbiji.rs\/wp-content\/uploads\/2022\/02\/bilojednomusrbiji.jpg","type":"image\/jpeg"}],"twitter_card":"summary_large_image","twitter_misc":{"Est. reading time":"5 minutes"},"schema":{"@context":"https:\/\/schema.org","@graph":[{"@type":"WebSite","@id":"https:\/\/bilojednomusrbiji.rs\/#website","url":"https:\/\/bilojednomusrbiji.rs\/","name":"Bilo jednom u Srbiji | Le Film","description":"","potentialAction":[{"@type":"SearchAction","target":{"@type":"EntryPoint","urlTemplate":"https:\/\/bilojednomusrbiji.rs\/?s={search_term_string}"},"query-input":"required name=search_term_string"}],"inLanguage":"en-US"},{"@type":"WebPage","@id":"https:\/\/bilojednomusrbiji.rs\/#webpage","url":"https:\/\/bilojednomusrbiji.rs\/","name":"- Bilo jednom u Srbiji | Le Film","isPartOf":{"@id":"https:\/\/bilojednomusrbiji.rs\/#website"},"datePublished":"2022-02-09T01:17:36+00:00","dateModified":"2022-03-17T09:05:20+00:00","description":"Bilo jednom u Srbiji je srpski igrani film iz 2022. godine, u re\u017eiji Petra Ristovskog, a po ideji Zvonimira \u0160imuneca, \u010dija \u0107e premijera biti 9. marta 2022. godine. Paralelno sa filmom snimljena je i istoimena tv serija od 8 epizoda koja bi trebalo da bude emitovana tokom 2022 godine na RTS-u.","breadcrumb":{"@id":"https:\/\/bilojednomusrbiji.rs\/#breadcrumb"},"inLanguage":"en-US","potentialAction":[{"@type":"ReadAction","target":["https:\/\/bilojednomusrbiji.rs\/"]}]},{"@type":"BreadcrumbList","@id":"https:\/\/bilojednomusrbiji.rs\/#breadcrumb","itemListElement":[{"@type":"ListItem","position":1,"name":"Home","item":"https:\/\/bilojednomusrbiji.rs\/"},{"@type":"ListItem","position":2,"name":"Home 1"}]}]}},"_links":{"self":[{"href":"https:\/\/bilojednomusrbiji.rs\/index.php?rest_route=\/wp\/v2\/pages\/14923","targetHints":{"allow":["GET"]}}],"collection":[{"href":"https:\/\/bilojednomusrbiji.rs\/index.php?rest_route=\/wp\/v2\/pages"}],"about":[{"href":"https:\/\/bilojednomusrbiji.rs\/index.php?rest_route=\/wp\/v2\/types\/page"}],"author":[{"embeddable":true,"href":"https:\/\/bilojednomusrbiji.rs\/index.php?rest_route=\/wp\/v2\/users\/1"}],"replies":[{"embeddable":true,"href":"https:\/\/bilojednomusrbiji.rs\/index.php?rest_route=%2Fwp%2Fv2%2Fcomments&post=14923"}],"version-history":[{"count":56,"href":"https:\/\/bilojednomusrbiji.rs\/index.php?rest_route=\/wp\/v2\/pages\/14923\/revisions"}],"predecessor-version":[{"id":15013,"href":"https:\/\/bilojednomusrbiji.rs\/index.php?rest_route=\/wp\/v2\/pages\/14923\/revisions\/15013"}],"wp:attachment":[{"href":"https:\/\/bilojednomusrbiji.rs\/index.php?rest_route=%2Fwp%2Fv2%2Fmedia&parent=14923"}],"curies":[{"name":"wp","href":"https:\/\/api.w.org\/{rel}","templated":true}]}}